{"id":37,"date":"2016-06-17T13:09:47","date_gmt":"2016-06-17T13:09:47","guid":{"rendered":"http:\/\/flaset.se.loopiadns.com\/?page_id=37"},"modified":"2021-12-30T16:12:41","modified_gmt":"2021-12-30T16:12:41","slug":"historik","status":"publish","type":"page","link":"https:\/\/flaset.se\/","title":{"rendered":"V\u00e4lkommen"},"content":{"rendered":"<h2>Bl\u00e5soktetten Fl\u00e5set<\/h2>\n<p>Fl\u00e5set \u00e4r en bl\u00e5soktett som har varit verksam i 40 \u00e5r med bas i Stockholm. Vi har tagit utg\u00e5ngspunkt i den svenska bl\u00e5sartraditionen och har en repertoar som sp\u00e4nner \u00f6ver m\u00e5nga gr\u00e4nser. Vi spelar popul\u00e4rmusik i bred bem\u00e4rkelse, av komposit\u00f6rer som Povel Ramel, Evert Taube, Duke Ellington och Irving Berlin. Vi spelar g\u00e4rna p\u00e5 caf\u00e9er, invigningar, fester och liknande evenemang. Vi \u00e4r oberoende av elektricitet och spelar s\u00e5v\u00e4l inomhus som utomhus.<\/p>\n<p>Kontaktperson och kapellm\u00e4stare \u00e4r Anders Stefansson (073-635 12 35)<\/p>\n\n\n<h3 class=\"wp-block-heading\">Bl\u00e5soktetten Fl\u00e5set firar 40 \u00e5r med albumsl\u00e4pp!<\/h3>\n\n\n\n<p>Efter att ha musicerat som oktett sedan 1981 t\u00e4nkte vi det var h\u00f6g tid att publicera ett litet urval stycken fr\u00e5n v\u00e5r repertoar, om inte annat s\u00e5 f\u00f6r oss sj\u00e4lva och efterv\u00e4rlden att h\u00f6ra hur vi l\u00e5ter. L\u00e4s mer <a href=\"https:\/\/flaset.se\/?page_id=369\">h\u00e4r<\/a> och lyssna p\u00e5 oss <a href=\"https:\/\/open.spotify.com\/album\/0XBADDPllWy1sO8iaQ7TyN?si=Us3QdCQ4QmqHQ5q5VNdTkQ&amp;utm_source=whatsapp\">h\u00e4r<\/a>. <img loading=\"lazy\" decoding=\"async\" width=\"256\" height=\"89\" class=\"wp-image-405\" style=\"width: 75px;\" src=\"https:\/\/flaset.se\/wp-content\/uploads\/2021\/12\/7613025-e1640804649134.png\" alt=\"\" srcset=\"https:\/\/flaset.se\/wp-content\/uploads\/2021\/12\/7613025-e1640804649134.png 256w, https:\/\/flaset.se\/wp-content\/uploads\/2021\/12\/7613025-e1640804649134-50x17.png 50w\" sizes=\"(max-width: 256px) 100vw, 256px\" \/><\/p>\n\n\n\n<figure class=\"wp-block-image size-full\"><a href=\"https:\/\/flaset.se\/wp-content\/uploads\/2021\/12\/Flaset-instrument_kvadrat.jpg\"><img loading=\"lazy\" decoding=\"async\" width=\"768\" height=\"768\" src=\"https:\/\/flaset.se\/wp-content\/uploads\/2021\/12\/Flaset-instrument_kvadrat.jpg\" alt=\"\" class=\"wp-image-364\" srcset=\"https:\/\/flaset.se\/wp-content\/uploads\/2021\/12\/Flaset-instrument_kvadrat.jpg 768w, https:\/\/flaset.se\/wp-content\/uploads\/2021\/12\/Flaset-instrument_kvadrat-300x300.jpg 300w, https:\/\/flaset.se\/wp-content\/uploads\/2021\/12\/Flaset-instrument_kvadrat-150x150.jpg 150w, https:\/\/flaset.se\/wp-content\/uploads\/2021\/12\/Flaset-instrument_kvadrat-50x50.jpg 50w\" sizes=\"(max-width: 768px) 100vw, 768px\" \/><\/a><figcaption><em>\u00d6msom \u00f6l, \u00f6msom Vatten \u2013 Fl\u00e5set fyller 40<\/em><\/figcaption><\/figure>\n\n\n\n<h4 class=\"wp-block-heading\">Sommar&#8230;..<\/h4>\n\n\n\n<figure class=\"wp-block-image is-style-default\"><img loading=\"lazy\" decoding=\"async\" width=\"700\" height=\"410\" src=\"https:\/\/flaset.se\/wp-content\/uploads\/2019\/08\/Lyran20190817.jpg\" alt=\"\" class=\"wp-image-254\" srcset=\"https:\/\/flaset.se\/wp-content\/uploads\/2019\/08\/Lyran20190817.jpg 700w, https:\/\/flaset.se\/wp-content\/uploads\/2019\/08\/Lyran20190817-300x176.jpg 300w, https:\/\/flaset.se\/wp-content\/uploads\/2019\/08\/Lyran20190817-50x29.jpg 50w\" sizes=\"(max-width: 700px) 100vw, 700px\" \/><figcaption><em>Konditori Lyran 17 augusti 2019<\/em><\/figcaption><\/figure>\n\n\n\n<h4 class=\"wp-block-heading\">&#8230;som vinter.<\/h4>\n\n\n\n<figure class=\"wp-block-image\"><img loading=\"lazy\" decoding=\"async\" width=\"700\" height=\"410\" src=\"https:\/\/flaset.se\/wp-content\/uploads\/2019\/08\/StortorgetVinterx700.jpg\" alt=\"\" class=\"wp-image-256\" srcset=\"https:\/\/flaset.se\/wp-content\/uploads\/2019\/08\/StortorgetVinterx700.jpg 700w, https:\/\/flaset.se\/wp-content\/uploads\/2019\/08\/StortorgetVinterx700-300x176.jpg 300w, https:\/\/flaset.se\/wp-content\/uploads\/2019\/08\/StortorgetVinterx700-50x29.jpg 50w\" sizes=\"(max-width: 700px) 100vw, 700px\" \/><figcaption><em>Stortorget, Gamla Stan<\/em><\/figcaption><\/figure>\n","protected":false},"excerpt":{"rendered":"<p>Bl\u00e5soktetten Fl\u00e5set Fl\u00e5set \u00e4r en bl\u00e5soktett som har varit verksam i 40 \u00e5r med bas i Stockholm. Vi har tagit utg\u00e5ngspunkt i den svenska bl\u00e5sartraditionen och har en repertoar som sp\u00e4nner \u00f6ver m\u00e5nga gr\u00e4nser. Vi spelar popul\u00e4rmusik i bred bem\u00e4rkelse, av komposit\u00f6rer som Povel Ramel, Evert Taube, Duke Ellington och Irving Berlin. Vi spelar g\u00e4rna [&hellip;]<\/p>\n","protected":false},"author":1,"featured_media":0,"parent":0,"menu_order":0,"comment_status":"closed","ping_status":"closed","template":"","meta":{"footnotes":""},"wppr_data":{"cwp_meta_box_check":"No"},"_links":{"self":[{"href":"https:\/\/flaset.se\/index.php?rest_route=\/wp\/v2\/pages\/37"}],"collection":[{"href":"https:\/\/flaset.se\/index.php?rest_route=\/wp\/v2\/pages"}],"about":[{"href":"https:\/\/flaset.se\/index.php?rest_route=\/wp\/v2\/types\/page"}],"author":[{"embeddable":true,"href":"https:\/\/flaset.se\/index.php?rest_route=\/wp\/v2\/users\/1"}],"replies":[{"embeddable":true,"href":"https:\/\/flaset.se\/index.php?rest_route=%2Fwp%2Fv2%2Fcomments&post=37"}],"version-history":[{"count":30,"href":"https:\/\/flaset.se\/index.php?rest_route=\/wp\/v2\/pages\/37\/revisions"}],"predecessor-version":[{"id":426,"href":"https:\/\/flaset.se\/index.php?rest_route=\/wp\/v2\/pages\/37\/revisions\/426"}],"wp:attachment":[{"href":"https:\/\/flaset.se\/index.php?rest_route=%2Fwp%2Fv2%2Fmedia&parent=37"}],"curies":[{"name":"wp","href":"https:\/\/api.w.org\/{rel}","templated":true}]}}